{"id":346,"date":"2022-05-19T22:25:31","date_gmt":"2022-05-19T20:25:31","guid":{"rendered":"http:\/\/psychologue-gardanne.fr\/?page_id=346"},"modified":"2026-04-26T20:15:45","modified_gmt":"2026-04-26T18:15:45","slug":"tarif-psy-gardanne","status":"publish","type":"page","link":"https:\/\/www.psychologue-gardanne.fr\/index.php\/tarif-psy-gardanne\/","title":{"rendered":"Tarifs-Psy-Bouc Bel Air"},"content":{"rendered":"\n<h3 class=\"wp-block-heading has-accent-color has-text-color\" id=\"les-tarifs-des-consultations-en-cabinet\">Honoraires de consultation psychologique :<\/h3>\n\n\n\n<h3 class=\"wp-block-heading\">Dans le cadre du dispositif \u00ab\u00a0Mon Soutien Psy\u00a0\u00bb<\/h3>\n\n\n\n<ul class=\"wp-block-list\">\n<li><strong>Jusqu&rsquo;\u00e0 12 s\u00e9ances par an<\/strong> sont rembours\u00e9es par l&rsquo;Assurance Maladie.<\/li>\n\n\n\n<li><strong>Pour toute personne \u00e0 partir de 3 ans <\/strong>souffrant d&rsquo;une probl\u00e9matique psychique l\u00e9g\u00e8re \u00e0 mod\u00e9r\u00e9e : <strong>50 \u20ac<\/strong> la s\u00e9ance de 45 minutes<em> (incluant l&rsquo;entretien clinique, la prise de rendez-vous et les d\u00e9marches administratives).<\/em><\/li>\n\n\n\n<li>R\u00e9daction de compte-rendu dans le cadre du parcours \u00ab\u00a0Mon Soutien Psy\u00a0\u00bb : <strong>50 \u20ac<\/strong> (non rembours\u00e9s).<\/li>\n<\/ul>\n\n\n\n<h3 class=\"wp-block-heading\"><strong><u>Tarifs hors conventionnement<\/u><\/strong><\/h3>\n\n\n\n<p><em>Une facture vous sera remise \u00e0 la fin de chaque consultation pour votre mutuelle. Chaque rendez-vous inclut l&rsquo;entretien clinique, la prise de rendez-vous ainsi que les d\u00e9marches administratives.<\/em><\/p>\n\n\n\n<h4 class=\"wp-block-heading\"><strong><u>Adulte<\/u><\/strong><\/h4>\n\n\n\n<ul class=\"wp-block-list\">\n<li><strong>65 \u20ac<\/strong> la s\u00e9ance individuelle de 1 heure.<\/li>\n<\/ul>\n\n\n\n<h4 class=\"wp-block-heading\"><strong><u>Pr\u00e9-adolescent \/ Adolescent<\/u><\/strong><\/h4>\n\n\n\n<ul class=\"wp-block-list\">\n<li><strong>60 \u20ac<\/strong> la s\u00e9ance individuelle de 50 minutes.<\/li>\n\n\n\n<li><strong>Entre 15 et 25 ans<\/strong>, demandez votre <strong>Pass Sant\u00e9 Jeunes<\/strong> <strong>R\u00e9gion Sud <a href=\"https:\/\/www.maregionsud.fr\/vos-aides\/detail\/pass-sante-jeunes\" target=\"_blank\" rel=\"noreferrer noopener\">ICI<\/a><\/strong> ou sur l&rsquo;application <em><a href=\"https:\/\/play.google.com\/store\/apps\/details?id=fr.memberz.m.frioul&amp;pli=1\">\u00e7a se pass<\/a><\/em> et b\u00e9n\u00e9ficiez gratuitement d&rsquo;une enveloppe de 90 \u20ac pour vos s\u00e9ances sous conditions d&rsquo;\u00e9ligibilit\u00e9 <em>(lyc\u00e9ens, \u00e9tudiants, p\u00f4le emploi etc.)<\/em><\/li>\n<\/ul>\n\n\n\n<h4 class=\"wp-block-heading\"><strong>Participation en r\u00e9union \u00e9ducative du Coll\u00e8ge\/Lyc\u00e9e<\/strong><\/h4>\n\n\n\n<ul class=\"wp-block-list\">\n<li><strong>90 \u20ac<\/strong> <em>(incluant les \u00e9changes t\u00e9l\u00e9phoniques en amont, les d\u00e9placements, la participation \u00e0 la r\u00e9union et toute autre d\u00e9marche administrative).<\/em><\/li>\n<\/ul>\n\n\n\n<h4 class=\"wp-block-heading\"><strong><u>Enfant (&lt; 10 ans)<\/u><\/strong><\/h4>\n\n\n\n<ul class=\"wp-block-list\">\n<li><strong>65 \u20ac<\/strong> la s\u00e9ance de 1 heure avec le ou les parent(s).<\/li>\n\n\n\n<li><strong>50 \u20ac<\/strong> la s\u00e9ance individuelle de 45 minutes sans la pr\u00e9sence du ou des parents.<\/li>\n<\/ul>\n\n\n\n<h4 class=\"wp-block-heading\"><strong>Participation en r\u00e9union \u00e9ducative de l&rsquo;\u00e9cole<\/strong><\/h4>\n\n\n\n<ul class=\"wp-block-list\">\n<li><strong>90 \u20ac<\/strong> <em>(incluant les \u00e9changes t\u00e9l\u00e9phoniques en amont, les d\u00e9placements, la participation \u00e0 la r\u00e9union et toute autre d\u00e9marche administrative).<\/em><\/li>\n<\/ul>\n\n\n\n<hr class=\"wp-block-separator has-alpha-channel-opacity\"\/>\n\n\n\n<h3 class=\"wp-block-heading\"><strong>Types de paiement accept\u00e9s :<\/strong><\/h3>\n\n\n\n<ul class=\"wp-block-list\">\n<li>Ch\u00e8que ou esp\u00e8ces<\/li>\n<\/ul>\n\n\n\n<p class=\"has-text-align-left\"><\/p>\n\n\n\n<ul class=\"wp-block-list\"><\/ul>\n\n\n\n<p><\/p>\n\n\n\n<p>Les consultations de psychologie sont destin\u00e9es aux enfants, adolescents et adultes. Elles se font sur rendez-vous par t\u00e9l\u00e9phone au <\/p>\n\n\n\n<p class=\"has-text-align-center has-large-font-size\"><strong>04 84 49 64 61<\/strong><\/p>\n\n\n\n<p><\/p>\n\n\n\n<h3 class=\"wp-block-heading has-accent-color has-text-color\" id=\"le-cabinet-de-psychologie-se-situe-au\">Le cabinet de psychologie se situe au<\/h3>\n\n\n\n<p style=\"line-height:1\"><strong>42 chemin de la pin\u00e8de &#8211; Centre M\u00e9dical Santespace &#8211; 13320 Bouc Bel Air<\/strong><\/p>\n\n\n\n<h3 class=\"wp-block-heading has-accent-color has-text-color\" id=\"les-consultations-se-deroulent\">Les consultations se d\u00e9roulent :<\/h3>\n\n\n\n<ul class=\"wp-block-list\">\n<li><strong>En<\/strong> <strong>cabinet <\/strong>\u00e0 <strong>Bouc Bel Air<\/strong><\/li>\n\n\n\n<li>Toutefois, pour des raisons de sant\u00e9, il est difficile pour certaines personnes de se d\u00e9placer. Je vous propose \u00e9galement des consultations \u00e0 votre <strong>domicile <\/strong>(Le tarif sera recalcul\u00e9 en fonction du kilom\u00e9trage)<\/li>\n\n\n\n<li><strong>En visio<\/strong> pour les personnes d\u00e9j\u00e0 suivis en cabinet<\/li>\n<\/ul>\n\n\n\n<div class=\"wp-block-columns is-layout-flex wp-container-core-columns-is-layout-9d6595d7 wp-block-columns-is-layout-flex\">\n<div class=\"wp-block-column is-layout-flow wp-block-column-is-layout-flow\">\n<p class=\"has-text-align-center has-secondary-background-color has-background\"><strong>Palmire RIEHL<br>Psychologue clinicienne<\/strong><br>42 chemin de la pin\u00e8de &#8211; Centre M\u00e9dical Santespace &#8211; 13320 Bouc Bel Air<br><strong>Contact : 04 84 49 64 61<\/strong><br>N\u00b0 RPPS : 10010050655<\/p>\n\n\n<\/div>\n<\/div>\n\n\n\n<p class=\"has-text-align-center\"><a href=\"http:\/\/www.psychologue-gardanne.fr\/\" data-type=\"URL\" data-id=\"http:\/\/www.psychologue-gardanne.fr\/\">Cabinet de Psychologie Gardanne<\/a><\/p>\n\n\n\n<p class=\"has-text-align-center\"><a href=\"http:\/\/www.psychologue-gardanne.fr\/index.php\/creez-votre-site-avec-des-blocs\/\" data-type=\"URL\" data-id=\"http:\/\/www.psychologue-gardanne.fr\/index.php\/creez-votre-site-avec-des-blocs\/\">Consultations de Psychologie<\/a><\/p>\n\n\n\n<p class=\"has-text-align-center\"><a href=\"http:\/\/www.psychologue-gardanne.fr\/index.php\/contact\/\" data-type=\"URL\" data-id=\"http:\/\/www.psychologue-gardanne.fr\/index.php\/contact\/\">Le cabinet<\/a><\/p>\n\n\n\n<p class=\"has-text-align-center\">Tarifs<\/p>\n\n\n\n<p class=\"has-text-align-center\"><a href=\"http:\/\/www.psychologue-gardanne.fr\/index.php\/blog\/\" data-type=\"URL\" data-id=\"http:\/\/www.psychologue-gardanne.fr\/index.php\/blog\/\">Blog<\/a><\/p>\n","protected":false},"excerpt":{"rendered":"<p>Honoraires de consultation psychologique : Dans le cadre du dispositif \u00ab\u00a0Mon Soutien Psy\u00a0\u00bb Tarifs hors conventionnement Une facture vous sera remise \u00e0 la fin de chaque consultation pour votre mutuelle. Chaque rendez-vous inclut l&rsquo;entretien clinique, la prise de rendez-vous ainsi que les d\u00e9marches administratives. Adulte Pr\u00e9-adolescent \/ Adolescent Participation en r\u00e9union \u00e9ducative du Coll\u00e8ge\/Lyc\u00e9e Enfant [&hellip;]<\/p>\n","protected":false},"author":1,"featured_media":0,"parent":0,"menu_order":0,"comment_status":"closed","ping_status":"closed","template":"","meta":{"footnotes":""},"class_list":["post-346","page","type-page","status-publish","hentry"],"yoast_head":"<!-- This site is optimized with the Yoast SEO plugin v19.10 - https:\/\/yoast.com\/wordpress\/plugins\/seo\/ -->\n<title>Tarifs-Psy-Bouc Bel Air - Psychologue Gardanne<\/title>\n<meta name=\"robots\" content=\"index, follow, max-snippet:-1, max-image-preview:large, max-video-preview:-1\" \/>\n<link rel=\"canonical\" href=\"https:\/\/www.psychologue-gardanne.fr\/index.php\/tarif-psy-gardanne\/\" \/>\n<meta property=\"og:locale\" content=\"fr_FR\" \/>\n<meta property=\"og:type\" content=\"article\" \/>\n<meta property=\"og:title\" content=\"Tarifs-Psy-Bouc Bel Air - Psychologue Gardanne\" \/>\n<meta property=\"og:description\" content=\"Honoraires de consultation psychologique : Dans le cadre du dispositif \u00ab\u00a0Mon Soutien Psy\u00a0\u00bb Tarifs hors conventionnement Une facture vous sera remise \u00e0 la fin de chaque consultation pour votre mutuelle. Chaque rendez-vous inclut l&rsquo;entretien clinique, la prise de rendez-vous ainsi que les d\u00e9marches administratives. Adulte Pr\u00e9-adolescent \/ Adolescent Participation en r\u00e9union \u00e9ducative du Coll\u00e8ge\/Lyc\u00e9e Enfant [&hellip;]\" \/>\n<meta property=\"og:url\" content=\"https:\/\/www.psychologue-gardanne.fr\/index.php\/tarif-psy-gardanne\/\" \/>\n<meta property=\"og:site_name\" content=\"Psychologue Gardanne\" \/>\n<meta property=\"article:modified_time\" content=\"2026-04-26T18:15:45+00:00\" \/>\n<meta name=\"twitter:card\" content=\"summary_large_image\" \/>\n<meta name=\"twitter:label1\" content=\"Dur\u00e9e de lecture estim\u00e9e\" \/>\n\t<meta name=\"twitter:data1\" content=\"2 minutes\" \/>\n<script type=\"application\/ld+json\" class=\"yoast-schema-graph\">{\"@context\":\"https:\/\/schema.org\",\"@graph\":[{\"@type\":\"WebPage\",\"@id\":\"https:\/\/www.psychologue-gardanne.fr\/index.php\/tarif-psy-gardanne\/\",\"url\":\"https:\/\/www.psychologue-gardanne.fr\/index.php\/tarif-psy-gardanne\/\",\"name\":\"Tarifs-Psy-Bouc Bel Air - Psychologue Gardanne\",\"isPartOf\":{\"@id\":\"https:\/\/www.psychologue-gardanne.fr\/#website\"},\"datePublished\":\"2022-05-19T20:25:31+00:00\",\"dateModified\":\"2026-04-26T18:15:45+00:00\",\"breadcrumb\":{\"@id\":\"https:\/\/www.psychologue-gardanne.fr\/index.php\/tarif-psy-gardanne\/#breadcrumb\"},\"inLanguage\":\"fr-FR\",\"potentialAction\":[{\"@type\":\"ReadAction\",\"target\":[\"https:\/\/www.psychologue-gardanne.fr\/index.php\/tarif-psy-gardanne\/\"]}]},{\"@type\":\"BreadcrumbList\",\"@id\":\"https:\/\/www.psychologue-gardanne.fr\/index.php\/tarif-psy-gardanne\/#breadcrumb\",\"itemListElement\":[{\"@type\":\"ListItem\",\"position\":1,\"name\":\"Accueil\",\"item\":\"https:\/\/www.psychologue-gardanne.fr\/\"},{\"@type\":\"ListItem\",\"position\":2,\"name\":\"Tarifs-Psy-Bouc Bel Air\"}]},{\"@type\":\"WebSite\",\"@id\":\"https:\/\/www.psychologue-gardanne.fr\/#website\",\"url\":\"https:\/\/www.psychologue-gardanne.fr\/\",\"name\":\"Psychologue Gardanne\",\"description\":\"Psychologue Enfant Adolescent Adulte\",\"publisher\":{\"@id\":\"https:\/\/www.psychologue-gardanne.fr\/#organization\"},\"potentialAction\":[{\"@type\":\"SearchAction\",\"target\":{\"@type\":\"EntryPoint\",\"urlTemplate\":\"https:\/\/www.psychologue-gardanne.fr\/?s={search_term_string}\"},\"query-input\":\"required name=search_term_string\"}],\"inLanguage\":\"fr-FR\"},{\"@type\":\"Organization\",\"@id\":\"https:\/\/www.psychologue-gardanne.fr\/#organization\",\"name\":\"Psychologue Gardanne\",\"url\":\"https:\/\/www.psychologue-gardanne.fr\/\",\"logo\":{\"@type\":\"ImageObject\",\"inLanguage\":\"fr-FR\",\"@id\":\"https:\/\/www.psychologue-gardanne.fr\/#\/schema\/logo\/image\/\",\"url\":\"https:\/\/www.psychologue-gardanne.fr\/wp-content\/uploads\/2022\/01\/DSCF5549-2-1-scaled-1.jpg\",\"contentUrl\":\"https:\/\/www.psychologue-gardanne.fr\/wp-content\/uploads\/2022\/01\/DSCF5549-2-1-scaled-1.jpg\",\"width\":2560,\"height\":1614,\"caption\":\"Psychologue Gardanne\"},\"image\":{\"@id\":\"https:\/\/www.psychologue-gardanne.fr\/#\/schema\/logo\/image\/\"}}]}<\/script>\n<!-- \/ Yoast SEO plugin. -->","yoast_head_json":{"title":"Tarifs-Psy-Bouc Bel Air - Psychologue Gardanne","robots":{"index":"index","follow":"follow","max-snippet":"max-snippet:-1","max-image-preview":"max-image-preview:large","max-video-preview":"max-video-preview:-1"},"canonical":"https:\/\/www.psychologue-gardanne.fr\/index.php\/tarif-psy-gardanne\/","og_locale":"fr_FR","og_type":"article","og_title":"Tarifs-Psy-Bouc Bel Air - Psychologue Gardanne","og_description":"Honoraires de consultation psychologique : Dans le cadre du dispositif \u00ab\u00a0Mon Soutien Psy\u00a0\u00bb Tarifs hors conventionnement Une facture vous sera remise \u00e0 la fin de chaque consultation pour votre mutuelle. Chaque rendez-vous inclut l&rsquo;entretien clinique, la prise de rendez-vous ainsi que les d\u00e9marches administratives. Adulte Pr\u00e9-adolescent \/ Adolescent Participation en r\u00e9union \u00e9ducative du Coll\u00e8ge\/Lyc\u00e9e Enfant [&hellip;]","og_url":"https:\/\/www.psychologue-gardanne.fr\/index.php\/tarif-psy-gardanne\/","og_site_name":"Psychologue Gardanne","article_modified_time":"2026-04-26T18:15:45+00:00","twitter_card":"summary_large_image","twitter_misc":{"Dur\u00e9e de lecture estim\u00e9e":"2 minutes"},"schema":{"@context":"https:\/\/schema.org","@graph":[{"@type":"WebPage","@id":"https:\/\/www.psychologue-gardanne.fr\/index.php\/tarif-psy-gardanne\/","url":"https:\/\/www.psychologue-gardanne.fr\/index.php\/tarif-psy-gardanne\/","name":"Tarifs-Psy-Bouc Bel Air - Psychologue Gardanne","isPartOf":{"@id":"https:\/\/www.psychologue-gardanne.fr\/#website"},"datePublished":"2022-05-19T20:25:31+00:00","dateModified":"2026-04-26T18:15:45+00:00","breadcrumb":{"@id":"https:\/\/www.psychologue-gardanne.fr\/index.php\/tarif-psy-gardanne\/#breadcrumb"},"inLanguage":"fr-FR","potentialAction":[{"@type":"ReadAction","target":["https:\/\/www.psychologue-gardanne.fr\/index.php\/tarif-psy-gardanne\/"]}]},{"@type":"BreadcrumbList","@id":"https:\/\/www.psychologue-gardanne.fr\/index.php\/tarif-psy-gardanne\/#breadcrumb","itemListElement":[{"@type":"ListItem","position":1,"name":"Accueil","item":"https:\/\/www.psychologue-gardanne.fr\/"},{"@type":"ListItem","position":2,"name":"Tarifs-Psy-Bouc Bel Air"}]},{"@type":"WebSite","@id":"https:\/\/www.psychologue-gardanne.fr\/#website","url":"https:\/\/www.psychologue-gardanne.fr\/","name":"Psychologue Gardanne","description":"Psychologue Enfant Adolescent Adulte","publisher":{"@id":"https:\/\/www.psychologue-gardanne.fr\/#organization"},"potentialAction":[{"@type":"SearchAction","target":{"@type":"EntryPoint","urlTemplate":"https:\/\/www.psychologue-gardanne.fr\/?s={search_term_string}"},"query-input":"required name=search_term_string"}],"inLanguage":"fr-FR"},{"@type":"Organization","@id":"https:\/\/www.psychologue-gardanne.fr\/#organization","name":"Psychologue Gardanne","url":"https:\/\/www.psychologue-gardanne.fr\/","logo":{"@type":"ImageObject","inLanguage":"fr-FR","@id":"https:\/\/www.psychologue-gardanne.fr\/#\/schema\/logo\/image\/","url":"https:\/\/www.psychologue-gardanne.fr\/wp-content\/uploads\/2022\/01\/DSCF5549-2-1-scaled-1.jpg","contentUrl":"https:\/\/www.psychologue-gardanne.fr\/wp-content\/uploads\/2022\/01\/DSCF5549-2-1-scaled-1.jpg","width":2560,"height":1614,"caption":"Psychologue Gardanne"},"image":{"@id":"https:\/\/www.psychologue-gardanne.fr\/#\/schema\/logo\/image\/"}}]}},"_links":{"self":[{"href":"https:\/\/www.psychologue-gardanne.fr\/index.php\/wp-json\/wp\/v2\/pages\/346","targetHints":{"allow":["GET"]}}],"collection":[{"href":"https:\/\/www.psychologue-gardanne.fr\/index.php\/wp-json\/wp\/v2\/pages"}],"about":[{"href":"https:\/\/www.psychologue-gardanne.fr\/index.php\/wp-json\/wp\/v2\/types\/page"}],"author":[{"embeddable":true,"href":"https:\/\/www.psychologue-gardanne.fr\/index.php\/wp-json\/wp\/v2\/users\/1"}],"replies":[{"embeddable":true,"href":"https:\/\/www.psychologue-gardanne.fr\/index.php\/wp-json\/wp\/v2\/comments?post=346"}],"version-history":[{"count":26,"href":"https:\/\/www.psychologue-gardanne.fr\/index.php\/wp-json\/wp\/v2\/pages\/346\/revisions"}],"predecessor-version":[{"id":492,"href":"https:\/\/www.psychologue-gardanne.fr\/index.php\/wp-json\/wp\/v2\/pages\/346\/revisions\/492"}],"wp:attachment":[{"href":"https:\/\/www.psychologue-gardanne.fr\/index.php\/wp-json\/wp\/v2\/media?parent=346"}],"curies":[{"name":"wp","href":"https:\/\/api.w.org\/{rel}","templated":true}]}}