{"id":23,"date":"2022-01-20T23:16:55","date_gmt":"2022-01-20T22:16:55","guid":{"rendered":"http:\/\/www.psychologue-gardanne.fr\/?page_id=23"},"modified":"2025-05-04T17:24:45","modified_gmt":"2025-05-04T15:24:45","slug":"blog","status":"publish","type":"page","link":"https:\/\/www.psychologue-gardanne.fr\/index.php\/blog\/","title":{"rendered":"Blog"},"content":{"rendered":"\n<h2 class=\"wp-block-heading has-text-align-center\"><mark style=\"background-color:rgba(0, 0, 0, 0)\" class=\"has-inline-color has-accent-color\">Conf\u00e9rences, S\u00e9minaires sur Gardanne et alentours, Articles, Lectures etc. Psychologie<\/mark><\/h2>\n\n\n\n<p><\/p>\n\n\n\n<blockquote class=\"wp-block-quote is-layout-flow wp-block-quote-is-layout-flow\">\n<h5 class=\"wp-block-heading has-text-align-left\"><strong>Publication d&rsquo;article sur la Musique et le sentiment d&rsquo;identit\u00e9 dans la maladie d&rsquo;Alzheimer \u00e0 un stade avanc\u00e9<\/strong><\/h5>\n\n\n\n<p><a href=\"https:\/\/www.sciencedirect.com\/science\/article\/abs\/pii\/S1627483022000915\" target=\"_blank\" rel=\"noreferrer noopener\"><strong>Th\u00e9rapie musicale individualis\u00e9e et sentiment d&rsquo;identit\u00e9 dans la maladie d&rsquo;Alzheimer \u00e0 un stade avanc\u00e9 : protocole \u00e0 cas unique d&rsquo;une dyade patient aid\u00e9\/conjoint aidant<\/strong><\/a>, P. Lazzaro Riehl et H. Wilquin, 2022<\/p>\n\n\n\n<p>Individualized music therapy and sense of identity in advanced Alzheimer&rsquo;s disease: Single-case protocol involving a patient and spouse-caregiver dyad; P. Lazzaro Riehl et H. Wilquin, 2022<\/p>\n<\/blockquote>\n\n\n\n<p><\/p>\n\n\n\n<p><\/p>\n\n\n\n<h5 class=\"wp-block-heading has-text-align-left\">Aix-Marseille Universit\u00e9, S\u00e9rie de 4 s\u00e9minaires sur la th\u00e9matique des proches-aidants \u00ab\u00a0Etre \u00e9tudiant et aidant : Quels enjeux pour l&rsquo;universit\u00e9 ?\u00a0\u00bb<\/h5>\n\n\n\n<div class=\"wp-block-group\"><div class=\"wp-block-group__inner-container is-layout-constrained wp-block-group-is-layout-constrained\">\n<div class=\"wp-block-columns is-layout-flex wp-container-core-columns-is-layout-9d6595d7 wp-block-columns-is-layout-flex\">\n<div class=\"wp-block-column is-layout-flow wp-block-column-is-layout-flow\" style=\"flex-basis:50%\"><\/div>\n<\/div>\n<\/div><\/div>\n\n\n\n<blockquote class=\"wp-block-quote is-style-default is-layout-flow wp-block-quote-is-layout-flow\">\n<p><strong><mark style=\"background-color:rgba(0, 0, 0, 0)\" class=\"has-inline-color has-accent-color\"><a href=\"https:\/\/centrepsycle-amu.fr\/seminaire-crisis-qu-est-ce-qu-un-aidant\/\" target=\"_blank\" rel=\"noreferrer noopener\">R\u00e9sum\u00e9 et Replay du S\u00e9minaire 1<\/a><\/mark><\/strong><\/p>\n\n\n\n<figure class=\"wp-block-image size-full\"><img loading=\"lazy\" decoding=\"async\" width=\"841\" height=\"595\" src=\"https:\/\/www.psychologue-gardanne.fr\/wp-content\/uploads\/2023\/03\/image003-1.jpg\" alt=\"\" class=\"wp-image-391\" srcset=\"https:\/\/www.psychologue-gardanne.fr\/wp-content\/uploads\/2023\/03\/image003-1.jpg 841w, https:\/\/www.psychologue-gardanne.fr\/wp-content\/uploads\/2023\/03\/image003-1-300x212.jpg 300w, https:\/\/www.psychologue-gardanne.fr\/wp-content\/uploads\/2023\/03\/image003-1-768x543.jpg 768w\" sizes=\"auto, (max-width: 841px) 100vw, 841px\" \/><\/figure>\n<\/blockquote>\n\n\n\n<blockquote class=\"wp-block-quote is-style-default is-layout-flow wp-block-quote-is-layout-flow\">\n<p><\/p>\n\n\n\n<p><strong><mark style=\"background-color:rgba(0, 0, 0, 0)\" class=\"has-inline-color has-accent-color\"><a href=\"https:\/\/centrepsycle-amu.fr\/video-seminaire-crisis-place-de-laidance-dans-la-famille\/\">R\u00e9sum\u00e9 et Replay du S\u00e9minaire 2<\/a><\/mark><\/strong><\/p>\n<cite><img loading=\"lazy\" decoding=\"async\" width=\"600\" height=\"424\" class=\"wp-image-380\" style=\"width: 600px;\" src=\"https:\/\/www.psychologue-gardanne.fr\/wp-content\/uploads\/2023\/03\/image001-1.jpg\" alt=\"\" srcset=\"https:\/\/www.psychologue-gardanne.fr\/wp-content\/uploads\/2023\/03\/image001-1.jpg 841w, https:\/\/www.psychologue-gardanne.fr\/wp-content\/uploads\/2023\/03\/image001-1-300x212.jpg 300w, https:\/\/www.psychologue-gardanne.fr\/wp-content\/uploads\/2023\/03\/image001-1-768x543.jpg 768w\" sizes=\"auto, (max-width: 600px) 100vw, 600px\" \/><\/cite><\/blockquote>\n\n\n\n<p class=\"has-accent-color has-text-color has-link-color wp-elements-bb1f957c6d493e15a52e6b14f3debb3e\"><strong><a href=\"https:\/\/centrepsycle-amu.fr\/etre-etudiant-et-aidant-quels-enjeux-a-luniversite-sante-et-bien-etre\/\">R\u00e9sum\u00e9 et Replay du S\u00e9minaire 3<\/a><\/strong><\/p>\n\n\n\n<figure class=\"wp-block-image size-full\"><img loading=\"lazy\" decoding=\"async\" width=\"843\" height=\"591\" src=\"https:\/\/www.psychologue-gardanne.fr\/wp-content\/uploads\/2024\/01\/image.png\" alt=\"\" class=\"wp-image-411\" srcset=\"https:\/\/www.psychologue-gardanne.fr\/wp-content\/uploads\/2024\/01\/image.png 843w, https:\/\/www.psychologue-gardanne.fr\/wp-content\/uploads\/2024\/01\/image-300x210.png 300w, https:\/\/www.psychologue-gardanne.fr\/wp-content\/uploads\/2024\/01\/image-768x538.png 768w\" sizes=\"auto, (max-width: 843px) 100vw, 843px\" \/><\/figure>\n\n\n\n<p class=\"has-accent-color has-text-color has-link-color wp-elements-54a9a8016446bdcbb590796f82dc5f36\"><strong><a href=\"https:\/\/centrepsycle-amu.fr\/video-seminaire-crisis-etre-etudiant-et-aidant-identite-et-besoins\/\">R\u00e9sum\u00e9 et Replay du S\u00e9minaire 4<\/a><\/strong><\/p>\n\n\n\n<figure class=\"wp-block-image size-large\"><img loading=\"lazy\" decoding=\"async\" width=\"1024\" height=\"730\" src=\"https:\/\/www.psychologue-gardanne.fr\/wp-content\/uploads\/2024\/01\/image-1-1024x730.png\" alt=\"\" class=\"wp-image-412\" srcset=\"https:\/\/www.psychologue-gardanne.fr\/wp-content\/uploads\/2024\/01\/image-1-1024x730.png 1024w, https:\/\/www.psychologue-gardanne.fr\/wp-content\/uploads\/2024\/01\/image-1-300x214.png 300w, https:\/\/www.psychologue-gardanne.fr\/wp-content\/uploads\/2024\/01\/image-1-768x547.png 768w, https:\/\/www.psychologue-gardanne.fr\/wp-content\/uploads\/2024\/01\/image-1.png 1114w\" sizes=\"auto, (max-width: 1024px) 100vw, 1024px\" \/><\/figure>\n\n\n\n<p><strong>ACTIONS DE SENSIBILISATION ETUDIANTS AIDANTS<\/strong> &#8211; <strong>AIX MARSEILLE UNIVERSITE<\/strong><\/p>\n\n\n\n<figure class=\"wp-block-image size-large\"><img loading=\"lazy\" decoding=\"async\" width=\"1024\" height=\"626\" src=\"https:\/\/www.psychologue-gardanne.fr\/wp-content\/uploads\/2024\/01\/image-2-1024x626.png\" alt=\"\" class=\"wp-image-414\" srcset=\"https:\/\/www.psychologue-gardanne.fr\/wp-content\/uploads\/2024\/01\/image-2-1024x626.png 1024w, https:\/\/www.psychologue-gardanne.fr\/wp-content\/uploads\/2024\/01\/image-2-300x183.png 300w, https:\/\/www.psychologue-gardanne.fr\/wp-content\/uploads\/2024\/01\/image-2-768x470.png 768w, https:\/\/www.psychologue-gardanne.fr\/wp-content\/uploads\/2024\/01\/image-2.png 1163w\" sizes=\"auto, (max-width: 1024px) 100vw, 1024px\" \/><\/figure>\n\n\n\n<figure class=\"wp-block-image size-full\"><img loading=\"lazy\" decoding=\"async\" width=\"615\" height=\"603\" src=\"https:\/\/www.psychologue-gardanne.fr\/wp-content\/uploads\/2024\/01\/image-3.png\" alt=\"\" class=\"wp-image-416\" srcset=\"https:\/\/www.psychologue-gardanne.fr\/wp-content\/uploads\/2024\/01\/image-3.png 615w, https:\/\/www.psychologue-gardanne.fr\/wp-content\/uploads\/2024\/01\/image-3-300x294.png 300w\" sizes=\"auto, (max-width: 615px) 100vw, 615px\" \/><\/figure>\n\n\n\n<figure class=\"wp-block-image size-full\"><img loading=\"lazy\" decoding=\"async\" width=\"520\" height=\"293\" src=\"https:\/\/www.psychologue-gardanne.fr\/wp-content\/uploads\/2025\/05\/image.png\" alt=\"\" class=\"wp-image-434\" srcset=\"https:\/\/www.psychologue-gardanne.fr\/wp-content\/uploads\/2025\/05\/image.png 520w, https:\/\/www.psychologue-gardanne.fr\/wp-content\/uploads\/2025\/05\/image-300x169.png 300w\" sizes=\"auto, (max-width: 520px) 100vw, 520px\" \/><\/figure>\n\n\n\n<p>Le vendredi 4 avril 2025 s&rsquo;est tenu le <strong>25e Cours de Strabologie et d&rsquo;Ophtalmologie P\u00e9diatrique de Marseille<\/strong> au Pharo sur le th\u00e8me :<\/p>\n\n\n\n<p><strong>\u00ab\u00a0<em>Handicap visuel. De l\u2019enfance \u00e0 l\u2019\u00e2ge adulte, comment aider nos patients ?<\/em>\u00a0\u00bb<\/strong><\/p>\n\n\n\n<p><strong>PROGRAMME SCIENTIFIQUE<\/strong><\/p>\n\n\n\n<p><strong>8h00<\/strong> \u2013 Accueil des participants<\/p>\n\n\n\n<p><strong>8h30<\/strong> \u2013 Introduction Pr T. David, Pr D. Denis, Dr A. Aziz<\/p>\n\n\n\n<p><strong>8h45 &#8211; 9h30 : SESSION 1 \u2013 Qui sont les enfants en situation de handicap visuel ?<\/strong><\/p>\n\n\n\n<p><strong><u>Mod\u00e9ration : Dr F. CHOURAQUI ( Marseille), Pr DENIS ( Marseille)&nbsp;<\/u><\/strong><\/p>\n\n\n\n<ol class=\"wp-block-list\">\n<li><strong>Epid\u00e9miologie des causes de malvoyance en France ? Dr A. AZIZ \u00a0( Marseille)<\/strong><\/li>\n\n\n\n<li><strong>Quelle(s) d\u00e9finition(s) du handicap visuel ? AV et CV (vision centrale et p\u00e9riph\u00e9rique ) mais pas que ! Pr S.DEFOORT-DHELLEMES ( Lille)\u00a0<\/strong><\/li>\n\n\n\n<li><strong>Trouble du contact, de l\u2019\u00e9veil, malvoyance de la petite enfance : quelles \u00e9tiologies\u00a0? quel bilan ? Dr R. TOUZE ( Paris-Marseille)<\/strong><\/li>\n<\/ol>\n\n\n\n<p><strong>9h30 &#8211; 10h15 : Quelle r\u00e9ponse apporter aux plaintes sp\u00e9cifiques de nos patients&nbsp;?<\/strong><\/p>\n\n\n\n<p><strong><u>Mod\u00e9ration : Pr DEFOORT-DHELLEMES ( Lille), Dr C. COURET ( Nantes)&nbsp;<\/u><\/strong><\/p>\n\n\n\n<ol class=\"wp-block-list\">\n<li><strong>Le photophobe Dr K. MAIROT ( Marseille)<\/strong><\/li>\n\n\n\n<li><strong>Le douloureux chronique Dr A.HAMERSTEHL ( Marseille<\/strong><\/li>\n\n\n\n<li><strong>Le globe inesth\u00e9tique : oculoplastie Dr F. DALMAS et Dr V. DESFEUX (Marseille)<\/strong><\/li>\n<\/ol>\n\n\n\n<p><strong>10h15 &#8211; 10h45 : Pause caf\u00e9 et visite des stands<\/strong><\/p>\n\n\n\n<p><strong>10h45 \u2013 11h30 : Quelles nouveaut\u00e9s de prise en charge ?<\/strong><\/p>\n\n\n\n<p><strong><u>Mod\u00e9ration : PR I. MEUNIER ( Montpellier) , Dr P. RAMTOHUL ( Marseille)&nbsp;<\/u><\/strong><\/p>\n\n\n\n<ol class=\"wp-block-list\">\n<li><strong>La th\u00e9rapie g\u00e9nique en pratique : pour qui ? Eligibilit\u00e9 aux traitements actuels et futurs ? Pr I. MEUNIER ( Montpellier)<\/strong><\/li>\n\n\n\n<li><strong>Quels autres traitements innovants ?<\/strong><\/li>\n<\/ol>\n\n\n\n<p><strong>-Corn\u00e9e et surface oculaire : Odontok\u00e9ratoproth\u00e8ses, greffes corn\u00e9oscl\u00e9rales Pr T. DAVID et Dr F. DUPESSEY (Marseille)<\/strong><strong>&#8211; R\u00e9tine . Nouveaut\u00e9s diagnostiques et th\u00e9rapeutiques en inflammation r\u00e9tinienne. &nbsp;Dr P. RAMTOHUL ( Marseille)<\/strong><\/p>\n\n\n\n<p><strong>11h30 &#8211; 12h15 : Prise en charge globale au-del\u00e0 de la prise en charge ophtalmologique<\/strong><\/p>\n\n\n\n<p><strong><u>Mod\u00e9ration : Dr A. AZIZ ( Marseille ) et DR AL . LUX ( Caen)<\/u><\/strong><\/p>\n\n\n\n<ol class=\"wp-block-list\">\n<li><strong>Quelles structures pour quel \u00e2ge ? Handicap visuel et scolarit\u00e9 : de l&rsquo;\u00e2ge pr\u00e9verbal \u00e0 l&rsquo;orientation professionnelle Me Soafia NAHOUZA ( IRSAM Marseille)<\/strong><\/li>\n\n\n\n<li><strong>Quelles aides visuelles techniques ? M. R. PRAUD Opticien ( Nantes)<\/strong><\/li>\n\n\n\n<li><strong>Qualit\u00e9 de vie et soutien psychologique Mme P. LAZZARO RIEHL Psychologue ( Marseille)<\/strong><\/li>\n<\/ol>\n\n\n\n<p><strong>12h15 &#8211; 12h30 : Conclusion : A chaque situation de handicap visuel, une r\u00e9ponse personnalis\u00e9e ?<\/strong><\/p>\n\n\n\n<p><strong><u>Mod\u00e9ration : Dr C. ORSSAUD ( Paris) &nbsp;, Pr T. DAVID&nbsp;( Marseille)&nbsp;<\/u><\/strong>Cas pratiques de vraie vie Dr AL Lux ( Caen)<\/p>\n\n\n\n<p>13h30-14h15 &nbsp;CONFERENCE INVITEE&nbsp;: Vivre et exceller avec un handicap visuel&nbsp;<\/p>\n\n\n\n<p>Session coordonn\u00e9e par Dr I. RENDU<\/p>\n\n\n\n<p>Mme AS DOUDARD Doctorante en Sciences Humaines&nbsp;<\/p>\n\n\n\n<p>Mme E. TABOURET Ing\u00e9nieure et championne paralympique<\/p>\n\n\n\n<p>Mme L. GUIOL. Psychologue Basse Vision APHM<\/p>\n\n\n\n<p><strong>4<sup>\u00e8me<\/sup>&nbsp;RENCONTRE OPHTALMO-PEDIATRIQUE MARSEILLAISE<\/strong><\/p>\n\n\n\n<p><strong>A destination des p\u00e9diatres et m\u00e9decins g\u00e9n\u00e9ralistes<\/strong><\/p>\n\n\n\n<p><strong>Handicap Visuel de l&rsquo;Enfant \u2013 Comment Aider les Patients et leurs Familles&nbsp;<\/strong><\/p>\n\n\n\n<p><strong>14h15 &#8211; 14h20 : Accueil des participants et introduction (10 min) Pr DAVID \/ Pr DENIS \/ Dr AZIZ<\/strong><\/p>\n\n\n\n<p><strong><u>SESSION 1: Mod\u00e9ration : Dr E. BUI QUOC ( Paris ) , Pr DENIS ( Marseille)<\/u><\/strong><\/p>\n\n\n\n<p><strong>14h20 &#8211; 14h30 : \u2013 Qui sont les enfants en situation de handicap visuel en France : \u00e9pid\u00e9miologie (20 min) Dr A. AZIZ ( Marseille)<\/strong><\/p>\n\n\n\n<p><strong>14h30 &#8211; 14h50 : &nbsp;Diagnostic pr\u00e9coce du handicap visuel chez l&rsquo;enfant (20 min)&nbsp;<\/strong>Outils diagnostiques en p\u00e9diatrie Dr C. COURET (Nantes)<\/p>\n\n\n\n<p><strong>14h50 &#8211; 15h15 : &nbsp;\u2013 La r\u00e9\u00e9ducation visuelle orthoptique et l&rsquo;accompagnement \u00e9ducatif de l&rsquo;enfant malvoyant (20 min) . M. D. Lasalle ( Nantes) \/ Me S. DOURS Service d&rsquo;orthoptie de l&rsquo;IRSAM ( Marseille), Me M.MASSONEAU ( Avignon)<\/strong><\/p>\n\n\n\n<p><strong>15h15 &#8211; 15h45 : Pause (30 min) \u2013 Visite des stands<\/strong><\/p>\n\n\n\n<p><strong><u>SESSION 2: Mod\u00e9ration Pr DEFOORT-DHELLEMES ( Lille), DR A.AZIZ&nbsp;<\/u><\/strong><\/p>\n\n\n\n<p><strong>15h45 &#8211; 16h00 : &nbsp;\u2013 Pr\u00e9sentation de l&rsquo;IRSAM Arc en Ciel, institut d&rsquo;accueil pour les enfants malvoyants (15 min) Mme Soafia NAHOUZA<\/strong><\/p>\n\n\n\n<ul class=\"wp-block-list\">\n<li>Description des services et programmes de soutien de l&rsquo;IRSAM<\/li>\n\n\n\n<li>Collaboration avec les p\u00e9diatres pour l\u2019orientation des familles<\/li>\n<\/ul>\n\n\n\n<p><strong>16h00 &#8211; 16h20 : La gestion psychosociale du handicap visuel chez l\u2019enfant et sa famille (20 min) Mme P. LAZZARO RIEHL Psychologue ( Marseille)<\/strong><\/p>\n\n\n\n<ul class=\"wp-block-list\">\n<li>Soutien psychologique aux familles et gestion du stress<\/li>\n\n\n\n<li>Approches pour aider les parents \u00e0 accepter et \u00e0 s\u2019adapter au handicap visuel de leur enfant<\/li>\n<\/ul>\n\n\n\n<p><strong>16h20 &#8211; 16h40 :&nbsp; \u2013 Le dossier MDPH et les d\u00e9marches administratives (20 min) <\/strong>Explication d\u00e9taill\u00e9e du processus de demande de reconnaissance du handicap Dr C. ORSSAUD ( Paris)&nbsp;<\/p>\n\n\n\n<ul class=\"wp-block-list\">\n<li>Aide \u00e0 la compl\u00e9tude du dossier MDPH pour les enfants malvoyants<\/li>\n<\/ul>\n\n\n\n<p><strong>16h40 &#8211; 17h00 : \u2013 La transition vers l\u2019autonomie et les perspectives d\u2019avenir pour les enfants malvoyants (20 min) Dr E. BUIQUOC ( Paris )<\/strong><\/p>\n\n\n\n<ul class=\"wp-block-list\">\n<li>Accompagner l&rsquo;enfant dans son parcours de vie avec un handicap visuel : \u00e9ducation, insertion professionnelle, mobilit\u00e9<\/li>\n\n\n\n<li>R\u00f4le des p\u00e9diatres dans cette transition<\/li>\n<\/ul>\n\n\n\n<p><strong>17h00 &#8211; 17h20 : Discussion ouverte et conclusion (20 min)<\/strong><\/p>\n\n\n\n<ul class=\"wp-block-list\">\n<li>Questions et r\u00e9ponses<\/li>\n\n\n\n<li>R\u00e9sum\u00e9 des points cl\u00e9s<\/li>\n\n\n\n<li>Cl\u00f4ture de la r\u00e9union<\/li>\n<\/ul>\n","protected":false},"excerpt":{"rendered":"<p>Conf\u00e9rences, S\u00e9minaires sur Gardanne et alentours, Articles, Lectures etc. Psychologie Publication d&rsquo;article sur la Musique et le sentiment d&rsquo;identit\u00e9 dans la maladie d&rsquo;Alzheimer \u00e0 un stade avanc\u00e9 Th\u00e9rapie musicale individualis\u00e9e et sentiment d&rsquo;identit\u00e9 dans la maladie d&rsquo;Alzheimer \u00e0 un stade avanc\u00e9 : protocole \u00e0 cas unique d&rsquo;une dyade patient aid\u00e9\/conjoint aidant, P. Lazzaro Riehl et [&hellip;]<\/p>\n","protected":false},"author":1,"featured_media":0,"parent":0,"menu_order":0,"comment_status":"closed","ping_status":"closed","template":"","meta":{"footnotes":""},"class_list":["post-23","page","type-page","status-publish","hentry"],"yoast_head":"<!-- This site is optimized with the Yoast SEO plugin v19.10 - https:\/\/yoast.com\/wordpress\/plugins\/seo\/ -->\n<title>Blog - Psychologue Gardanne<\/title>\n<meta name=\"robots\" content=\"index, follow, max-snippet:-1, max-image-preview:large, max-video-preview:-1\" \/>\n<link rel=\"canonical\" href=\"https:\/\/www.psychologue-gardanne.fr\/index.php\/blog\/\" \/>\n<meta property=\"og:locale\" content=\"fr_FR\" \/>\n<meta property=\"og:type\" content=\"article\" \/>\n<meta property=\"og:title\" content=\"Blog - Psychologue Gardanne\" \/>\n<meta property=\"og:description\" content=\"Conf\u00e9rences, S\u00e9minaires sur Gardanne et alentours, Articles, Lectures etc. Psychologie Publication d&rsquo;article sur la Musique et le sentiment d&rsquo;identit\u00e9 dans la maladie d&rsquo;Alzheimer \u00e0 un stade avanc\u00e9 Th\u00e9rapie musicale individualis\u00e9e et sentiment d&rsquo;identit\u00e9 dans la maladie d&rsquo;Alzheimer \u00e0 un stade avanc\u00e9 : protocole \u00e0 cas unique d&rsquo;une dyade patient aid\u00e9\/conjoint aidant, P. Lazzaro Riehl et [&hellip;]\" \/>\n<meta property=\"og:url\" content=\"https:\/\/www.psychologue-gardanne.fr\/index.php\/blog\/\" \/>\n<meta property=\"og:site_name\" content=\"Psychologue Gardanne\" \/>\n<meta property=\"article:modified_time\" content=\"2025-05-04T15:24:45+00:00\" \/>\n<meta property=\"og:image\" content=\"https:\/\/www.psychologue-gardanne.fr\/wp-content\/uploads\/2023\/03\/image003-1.jpg\" \/>\n<meta name=\"twitter:card\" content=\"summary_large_image\" \/>\n<meta name=\"twitter:label1\" content=\"Dur\u00e9e de lecture estim\u00e9e\" \/>\n\t<meta name=\"twitter:data1\" content=\"6 minutes\" \/>\n<script type=\"application\/ld+json\" class=\"yoast-schema-graph\">{\"@context\":\"https:\/\/schema.org\",\"@graph\":[{\"@type\":\"WebPage\",\"@id\":\"https:\/\/www.psychologue-gardanne.fr\/index.php\/blog\/\",\"url\":\"https:\/\/www.psychologue-gardanne.fr\/index.php\/blog\/\",\"name\":\"Blog - Psychologue Gardanne\",\"isPartOf\":{\"@id\":\"https:\/\/www.psychologue-gardanne.fr\/#website\"},\"datePublished\":\"2022-01-20T22:16:55+00:00\",\"dateModified\":\"2025-05-04T15:24:45+00:00\",\"breadcrumb\":{\"@id\":\"https:\/\/www.psychologue-gardanne.fr\/index.php\/blog\/#breadcrumb\"},\"inLanguage\":\"fr-FR\",\"potentialAction\":[{\"@type\":\"ReadAction\",\"target\":[\"https:\/\/www.psychologue-gardanne.fr\/index.php\/blog\/\"]}]},{\"@type\":\"BreadcrumbList\",\"@id\":\"https:\/\/www.psychologue-gardanne.fr\/index.php\/blog\/#breadcrumb\",\"itemListElement\":[{\"@type\":\"ListItem\",\"position\":1,\"name\":\"Accueil\",\"item\":\"https:\/\/www.psychologue-gardanne.fr\/\"},{\"@type\":\"ListItem\",\"position\":2,\"name\":\"Blog\"}]},{\"@type\":\"WebSite\",\"@id\":\"https:\/\/www.psychologue-gardanne.fr\/#website\",\"url\":\"https:\/\/www.psychologue-gardanne.fr\/\",\"name\":\"Psychologue Gardanne\",\"description\":\"Psychologue Enfant Adolescent Adulte\",\"publisher\":{\"@id\":\"https:\/\/www.psychologue-gardanne.fr\/#organization\"},\"potentialAction\":[{\"@type\":\"SearchAction\",\"target\":{\"@type\":\"EntryPoint\",\"urlTemplate\":\"https:\/\/www.psychologue-gardanne.fr\/?s={search_term_string}\"},\"query-input\":\"required name=search_term_string\"}],\"inLanguage\":\"fr-FR\"},{\"@type\":\"Organization\",\"@id\":\"https:\/\/www.psychologue-gardanne.fr\/#organization\",\"name\":\"Psychologue Gardanne\",\"url\":\"https:\/\/www.psychologue-gardanne.fr\/\",\"logo\":{\"@type\":\"ImageObject\",\"inLanguage\":\"fr-FR\",\"@id\":\"https:\/\/www.psychologue-gardanne.fr\/#\/schema\/logo\/image\/\",\"url\":\"https:\/\/www.psychologue-gardanne.fr\/wp-content\/uploads\/2022\/01\/DSCF5549-2-1-scaled-1.jpg\",\"contentUrl\":\"https:\/\/www.psychologue-gardanne.fr\/wp-content\/uploads\/2022\/01\/DSCF5549-2-1-scaled-1.jpg\",\"width\":2560,\"height\":1614,\"caption\":\"Psychologue Gardanne\"},\"image\":{\"@id\":\"https:\/\/www.psychologue-gardanne.fr\/#\/schema\/logo\/image\/\"}}]}<\/script>\n<!-- \/ Yoast SEO plugin. -->","yoast_head_json":{"title":"Blog - Psychologue Gardanne","robots":{"index":"index","follow":"follow","max-snippet":"max-snippet:-1","max-image-preview":"max-image-preview:large","max-video-preview":"max-video-preview:-1"},"canonical":"https:\/\/www.psychologue-gardanne.fr\/index.php\/blog\/","og_locale":"fr_FR","og_type":"article","og_title":"Blog - Psychologue Gardanne","og_description":"Conf\u00e9rences, S\u00e9minaires sur Gardanne et alentours, Articles, Lectures etc. Psychologie Publication d&rsquo;article sur la Musique et le sentiment d&rsquo;identit\u00e9 dans la maladie d&rsquo;Alzheimer \u00e0 un stade avanc\u00e9 Th\u00e9rapie musicale individualis\u00e9e et sentiment d&rsquo;identit\u00e9 dans la maladie d&rsquo;Alzheimer \u00e0 un stade avanc\u00e9 : protocole \u00e0 cas unique d&rsquo;une dyade patient aid\u00e9\/conjoint aidant, P. Lazzaro Riehl et [&hellip;]","og_url":"https:\/\/www.psychologue-gardanne.fr\/index.php\/blog\/","og_site_name":"Psychologue Gardanne","article_modified_time":"2025-05-04T15:24:45+00:00","og_image":[{"url":"https:\/\/www.psychologue-gardanne.fr\/wp-content\/uploads\/2023\/03\/image003-1.jpg"}],"twitter_card":"summary_large_image","twitter_misc":{"Dur\u00e9e de lecture estim\u00e9e":"6 minutes"},"schema":{"@context":"https:\/\/schema.org","@graph":[{"@type":"WebPage","@id":"https:\/\/www.psychologue-gardanne.fr\/index.php\/blog\/","url":"https:\/\/www.psychologue-gardanne.fr\/index.php\/blog\/","name":"Blog - Psychologue Gardanne","isPartOf":{"@id":"https:\/\/www.psychologue-gardanne.fr\/#website"},"datePublished":"2022-01-20T22:16:55+00:00","dateModified":"2025-05-04T15:24:45+00:00","breadcrumb":{"@id":"https:\/\/www.psychologue-gardanne.fr\/index.php\/blog\/#breadcrumb"},"inLanguage":"fr-FR","potentialAction":[{"@type":"ReadAction","target":["https:\/\/www.psychologue-gardanne.fr\/index.php\/blog\/"]}]},{"@type":"BreadcrumbList","@id":"https:\/\/www.psychologue-gardanne.fr\/index.php\/blog\/#breadcrumb","itemListElement":[{"@type":"ListItem","position":1,"name":"Accueil","item":"https:\/\/www.psychologue-gardanne.fr\/"},{"@type":"ListItem","position":2,"name":"Blog"}]},{"@type":"WebSite","@id":"https:\/\/www.psychologue-gardanne.fr\/#website","url":"https:\/\/www.psychologue-gardanne.fr\/","name":"Psychologue Gardanne","description":"Psychologue Enfant Adolescent Adulte","publisher":{"@id":"https:\/\/www.psychologue-gardanne.fr\/#organization"},"potentialAction":[{"@type":"SearchAction","target":{"@type":"EntryPoint","urlTemplate":"https:\/\/www.psychologue-gardanne.fr\/?s={search_term_string}"},"query-input":"required name=search_term_string"}],"inLanguage":"fr-FR"},{"@type":"Organization","@id":"https:\/\/www.psychologue-gardanne.fr\/#organization","name":"Psychologue Gardanne","url":"https:\/\/www.psychologue-gardanne.fr\/","logo":{"@type":"ImageObject","inLanguage":"fr-FR","@id":"https:\/\/www.psychologue-gardanne.fr\/#\/schema\/logo\/image\/","url":"https:\/\/www.psychologue-gardanne.fr\/wp-content\/uploads\/2022\/01\/DSCF5549-2-1-scaled-1.jpg","contentUrl":"https:\/\/www.psychologue-gardanne.fr\/wp-content\/uploads\/2022\/01\/DSCF5549-2-1-scaled-1.jpg","width":2560,"height":1614,"caption":"Psychologue Gardanne"},"image":{"@id":"https:\/\/www.psychologue-gardanne.fr\/#\/schema\/logo\/image\/"}}]}},"_links":{"self":[{"href":"https:\/\/www.psychologue-gardanne.fr\/index.php\/wp-json\/wp\/v2\/pages\/23","targetHints":{"allow":["GET"]}}],"collection":[{"href":"https:\/\/www.psychologue-gardanne.fr\/index.php\/wp-json\/wp\/v2\/pages"}],"about":[{"href":"https:\/\/www.psychologue-gardanne.fr\/index.php\/wp-json\/wp\/v2\/types\/page"}],"author":[{"embeddable":true,"href":"https:\/\/www.psychologue-gardanne.fr\/index.php\/wp-json\/wp\/v2\/users\/1"}],"replies":[{"embeddable":true,"href":"https:\/\/www.psychologue-gardanne.fr\/index.php\/wp-json\/wp\/v2\/comments?post=23"}],"version-history":[{"count":11,"href":"https:\/\/www.psychologue-gardanne.fr\/index.php\/wp-json\/wp\/v2\/pages\/23\/revisions"}],"predecessor-version":[{"id":435,"href":"https:\/\/www.psychologue-gardanne.fr\/index.php\/wp-json\/wp\/v2\/pages\/23\/revisions\/435"}],"wp:attachment":[{"href":"https:\/\/www.psychologue-gardanne.fr\/index.php\/wp-json\/wp\/v2\/media?parent=23"}],"curies":[{"name":"wp","href":"https:\/\/api.w.org\/{rel}","templated":true}]}}