{"id":20,"date":"2022-01-20T23:16:54","date_gmt":"2022-01-20T22:16:54","guid":{"rendered":"http:\/\/www.psychologue-gardanne.fr\/?page_id=20"},"modified":"2026-04-26T20:08:50","modified_gmt":"2026-04-26T18:08:50","slug":"consultation-psycho-gardanne","status":"publish","type":"page","link":"https:\/\/www.psychologue-gardanne.fr\/index.php\/consultation-psycho-gardanne\/","title":{"rendered":"Consultations de psychologie"},"content":{"rendered":"\n<h1 class=\"wp-block-heading alignwide has-text-align-center has-text-align-wide has-accent-color has-text-color has-large-font-size\" id=\"palmire-riehlpsychologue-cliniciennesur-rdv-au-04-84-49-64-61\" style=\"line-height:1.1\">Palmire RIEHL<br>Psychologue clinicienne<br>Sur RDV au 04 84 49 64 61<\/h1>\n\n\n\n<div class=\"wp-block-group\"><div class=\"wp-block-group__inner-container is-layout-flow wp-block-group-is-layout-flow\">\n<h3 class=\"wp-block-heading has-text-align-center has-secondary-color has-text-color\" id=\"prise-en-charge-adultes-adolescents-enfants\">Prise en charge <br>adultes, adolescents, enfants<\/h3>\n<\/div><\/div>\n\n\n\n<div class=\"wp-block-columns is-layout-flex wp-container-core-columns-is-layout-9d6595d7 wp-block-columns-is-layout-flex\">\n<div class=\"wp-block-column is-layout-flow wp-block-column-is-layout-flow\"><\/div>\n<\/div>\n\n\n\n<div class=\"wp-block-group alignwide\"><div class=\"wp-block-group__inner-container is-layout-flow wp-block-group-is-layout-flow\">\n<div class=\"wp-block-columns alignwide are-vertically-aligned-top is-layout-flex wp-container-core-columns-is-layout-9d6595d7 wp-block-columns-is-layout-flex\">\n<div class=\"wp-block-column is-vertically-aligned-top is-layout-flow wp-block-column-is-layout-flow\">\n<h3 class=\"wp-block-heading has-text-align-center has-primary-color has-text-color\" id=\"adultes\">Adultes<\/h3>\n\n\n<div class=\"wp-block-image is-style-default\">\n<figure class=\"aligncenter size-large\"><img loading=\"lazy\" decoding=\"async\" width=\"1024\" height=\"634\" src=\"https:\/\/www.psychologue-gardanne.fr\/wp-content\/uploads\/2022\/01\/sad-2635043_1920-3-1024x634.jpg\" alt=\"\" class=\"wp-image-250\" srcset=\"https:\/\/www.psychologue-gardanne.fr\/wp-content\/uploads\/2022\/01\/sad-2635043_1920-3-1024x634.jpg 1024w, https:\/\/www.psychologue-gardanne.fr\/wp-content\/uploads\/2022\/01\/sad-2635043_1920-3-300x186.jpg 300w, https:\/\/www.psychologue-gardanne.fr\/wp-content\/uploads\/2022\/01\/sad-2635043_1920-3-768x476.jpg 768w, https:\/\/www.psychologue-gardanne.fr\/wp-content\/uploads\/2022\/01\/sad-2635043_1920-3-1536x951.jpg 1536w, https:\/\/www.psychologue-gardanne.fr\/wp-content\/uploads\/2022\/01\/sad-2635043_1920-3-1568x971.jpg 1568w, https:\/\/www.psychologue-gardanne.fr\/wp-content\/uploads\/2022\/01\/sad-2635043_1920-3.jpg 1920w\" sizes=\"auto, (max-width: 1024px) 100vw, 1024px\" \/><\/figure>\n<\/div>\n\n\n<p class=\"has-text-align-center\">Que ce soit dans le cadre d&rsquo;un soutien ponctuel ou un suivi psychologique \u00e0 moyen terme, l&rsquo;accompagnement psychologique peut \u00eatre un moyen pour vous lib\u00e9rer de vos souffrances<\/p>\n\n\n\n<div class=\"wp-block-buttons is-layout-flex wp-block-buttons-is-layout-flex\"><\/div>\n\n\n\n<p><\/p>\n<\/div>\n\n\n\n<div class=\"wp-block-column is-vertically-aligned-top is-layout-flow wp-block-column-is-layout-flow\">\n<h3 class=\"wp-block-heading has-text-align-center has-primary-color has-text-color\" id=\"adolescents\">Adolescents<\/h3>\n\n\n<div class=\"wp-block-image is-style-default\">\n<figure class=\"aligncenter size-large\"><img loading=\"lazy\" decoding=\"async\" width=\"1024\" height=\"680\" src=\"https:\/\/www.psychologue-gardanne.fr\/wp-content\/uploads\/2022\/01\/worried-girl-1215261_1920-5-1024x680.jpg\" alt=\"\" class=\"wp-image-252\" srcset=\"https:\/\/www.psychologue-gardanne.fr\/wp-content\/uploads\/2022\/01\/worried-girl-1215261_1920-5-1024x680.jpg 1024w, https:\/\/www.psychologue-gardanne.fr\/wp-content\/uploads\/2022\/01\/worried-girl-1215261_1920-5-300x199.jpg 300w, https:\/\/www.psychologue-gardanne.fr\/wp-content\/uploads\/2022\/01\/worried-girl-1215261_1920-5-768x510.jpg 768w, https:\/\/www.psychologue-gardanne.fr\/wp-content\/uploads\/2022\/01\/worried-girl-1215261_1920-5-1536x1020.jpg 1536w, https:\/\/www.psychologue-gardanne.fr\/wp-content\/uploads\/2022\/01\/worried-girl-1215261_1920-5-1568x1041.jpg 1568w, https:\/\/www.psychologue-gardanne.fr\/wp-content\/uploads\/2022\/01\/worried-girl-1215261_1920-5.jpg 1920w\" sizes=\"auto, (max-width: 1024px) 100vw, 1024px\" \/><\/figure>\n<\/div>\n\n\n<p class=\"has-text-align-center\">Les probl\u00e9matiques adolescentes sont parfois difficiles \u00e0 g\u00e9rer dans la relation parents\/enfants. L&rsquo;adolescent peut avoir besoin d&rsquo;un tiers pour pouvoir exprimer son mal-\u00eatre.<\/p>\n\n\n\n<div class=\"wp-block-buttons is-layout-flex wp-block-buttons-is-layout-flex\"><\/div>\n<\/div>\n\n\n\n<div class=\"wp-block-column is-vertically-aligned-top is-layout-flow wp-block-column-is-layout-flow\">\n<h3 class=\"wp-block-heading has-text-align-center has-primary-color has-text-color\" id=\"enfants\">Enfants<\/h3>\n\n\n<div class=\"wp-block-image is-style-default\">\n<figure class=\"aligncenter size-large\"><img loading=\"lazy\" decoding=\"async\" width=\"1024\" height=\"687\" src=\"https:\/\/www.psychologue-gardanne.fr\/wp-content\/uploads\/2022\/01\/girl-447701_1920-4-1024x687.jpg\" alt=\"\" class=\"wp-image-255\" srcset=\"https:\/\/www.psychologue-gardanne.fr\/wp-content\/uploads\/2022\/01\/girl-447701_1920-4-1024x687.jpg 1024w, https:\/\/www.psychologue-gardanne.fr\/wp-content\/uploads\/2022\/01\/girl-447701_1920-4-300x201.jpg 300w, https:\/\/www.psychologue-gardanne.fr\/wp-content\/uploads\/2022\/01\/girl-447701_1920-4-768x515.jpg 768w, https:\/\/www.psychologue-gardanne.fr\/wp-content\/uploads\/2022\/01\/girl-447701_1920-4-1536x1030.jpg 1536w, https:\/\/www.psychologue-gardanne.fr\/wp-content\/uploads\/2022\/01\/girl-447701_1920-4-1568x1052.jpg 1568w, https:\/\/www.psychologue-gardanne.fr\/wp-content\/uploads\/2022\/01\/girl-447701_1920-4.jpg 1920w\" sizes=\"auto, (max-width: 1024px) 100vw, 1024px\" \/><\/figure>\n<\/div>\n\n\n<p class=\"has-text-align-center\">Dans le cadre de probl\u00e9matiques psycho-affectives au cours du d\u00e9veloppement de l&rsquo;enfant, dans la relation parents\/enfants, n\u00e9cessitant l&rsquo;accompagnement d&rsquo;un(e) psychologue<\/p>\n\n\n\n<div class=\"wp-block-buttons is-layout-flex wp-block-buttons-is-layout-flex\"><\/div>\n<\/div>\n<\/div>\n<\/div><\/div>\n\n\n\n<div class=\"wp-block-group alignwide\"><div class=\"wp-block-group__inner-container is-layout-flow wp-block-group-is-layout-flow\">\n<div class=\"wp-block-cover alignwide is-light is-style-twentytwentyone-border\" style=\"min-height:903px;aspect-ratio:unset;\"><span aria-hidden=\"true\" class=\"wp-block-cover__background has-background-dim-0 has-background-dim\"><\/span><div class=\"wp-block-cover__inner-container is-layout-flow wp-block-cover-is-layout-flow\">\n<div style=\"height:20px\" aria-hidden=\"true\" class=\"wp-block-spacer\"><\/div>\n\n\n\n<p class=\"has-text-align-center has-background-color has-secondary-background-color has-text-color has-background has-normal-font-size\"><strong>Palmire RIEHL<br>Psychologue clinicienne<\/strong><br>42 chemin de la pin\u00e8de &#8211; Centre M\u00e9dical Santespace<br>13320 Bouc Bel Air<br><strong>Contact : 04 84 49 64 61<\/strong><br><br>N\u00b0 RPPS : 10010050655<\/p>\n\n\n\n<div class=\"wp-block-columns is-layout-flex wp-container-core-columns-is-layout-9d6595d7 wp-block-columns-is-layout-flex\">\n<div class=\"wp-block-column is-layout-flow wp-block-column-is-layout-flow\">\n<h6 class=\"wp-block-heading\" id=\"liens-utiles\">Liens utiles<\/h6>\n\n\n\n<p><a href=\"http:\/\/www.codededeontologiedespsychologues.fr\/Code-de-Deontologie-des.html\" data-type=\"URL\" data-id=\"http:\/\/www.codededeontologiedespsychologues.fr\/Code-de-Deontologie-des.html\" target=\"_blank\" rel=\"noreferrer noopener\">Consulter le code de D\u00e9ontologie des Psychologues<\/a><\/p>\n<\/div>\n<\/div>\n\n\n\n\n\n<div class=\"wp-block-columns is-layout-flex wp-container-core-columns-is-layout-9d6595d7 wp-block-columns-is-layout-flex\">\n<div class=\"wp-block-column is-layout-flow wp-block-column-is-layout-flow\">\n<div class=\"wp-block-columns is-layout-flex wp-container-core-columns-is-layout-9d6595d7 wp-block-columns-is-layout-flex\">\n<div class=\"wp-block-column is-layout-flow wp-block-column-is-layout-flow\">\n<p class=\"has-text-align-center\"><a href=\"http:\/\/www.psychologue-gardanne.fr\/\">Cabinet de psychologie Gardanne<\/a><\/p>\n\n\n\n<p class=\"has-text-align-center\">Consultations de psychologie<\/p>\n\n\n\n<p class=\"has-text-align-center\"><a href=\"http:\/\/www.psychologue-gardanne.fr\/index.php\/contact\/\">Le cabinet<\/a><\/p>\n\n\n\n<p class=\"has-text-align-center\"><a href=\"http:\/\/www.psychologue-gardanne.fr\/index.php\/page-d-exemple\/\">Tarifs<\/a><\/p>\n\n\n\n<p class=\"has-text-align-center\"><a href=\"http:\/\/www.psychologue-gardanne.fr\/index.php\/blog\/\">Blog<\/a><\/p>\n<\/div>\n<\/div>\n<\/div>\n<\/div>\n\n\n\n<div style=\"height:20px\" aria-hidden=\"true\" class=\"wp-block-spacer\"><\/div>\n<\/div><\/div>\n<\/div><\/div>\n\n\n\n<p><\/p>\n","protected":false},"excerpt":{"rendered":"<p>Palmire RIEHLPsychologue clinicienneSur RDV au 04 84 49 64 61 Prise en charge adultes, adolescents, enfants Adultes Que ce soit dans le cadre d&rsquo;un soutien ponctuel ou un suivi psychologique \u00e0 moyen terme, l&rsquo;accompagnement psychologique peut \u00eatre un moyen pour vous lib\u00e9rer de vos souffrances Adolescents Les probl\u00e9matiques adolescentes sont parfois difficiles \u00e0 g\u00e9rer dans [&hellip;]<\/p>\n","protected":false},"author":1,"featured_media":0,"parent":0,"menu_order":0,"comment_status":"closed","ping_status":"closed","template":"","meta":{"footnotes":""},"class_list":["post-20","page","type-page","status-publish","hentry"],"yoast_head":"<!-- This site is optimized with the Yoast SEO plugin v19.10 - https:\/\/yoast.com\/wordpress\/plugins\/seo\/ -->\n<title>Consultations de psychologie - Psychologue Gardanne<\/title>\n<meta name=\"robots\" content=\"index, follow, max-snippet:-1, max-image-preview:large, max-video-preview:-1\" \/>\n<link rel=\"canonical\" href=\"https:\/\/www.psychologue-gardanne.fr\/index.php\/consultation-psycho-gardanne\/\" \/>\n<meta property=\"og:locale\" content=\"fr_FR\" \/>\n<meta property=\"og:type\" content=\"article\" \/>\n<meta property=\"og:title\" content=\"Consultations de psychologie - Psychologue Gardanne\" \/>\n<meta property=\"og:description\" content=\"Palmire RIEHLPsychologue clinicienneSur RDV au 04 84 49 64 61 Prise en charge adultes, adolescents, enfants Adultes Que ce soit dans le cadre d&rsquo;un soutien ponctuel ou un suivi psychologique \u00e0 moyen terme, l&rsquo;accompagnement psychologique peut \u00eatre un moyen pour vous lib\u00e9rer de vos souffrances Adolescents Les probl\u00e9matiques adolescentes sont parfois difficiles \u00e0 g\u00e9rer dans [&hellip;]\" \/>\n<meta property=\"og:url\" content=\"https:\/\/www.psychologue-gardanne.fr\/index.php\/consultation-psycho-gardanne\/\" \/>\n<meta property=\"og:site_name\" content=\"Psychologue Gardanne\" \/>\n<meta property=\"article:modified_time\" content=\"2026-04-26T18:08:50+00:00\" \/>\n<meta property=\"og:image\" content=\"https:\/\/www.psychologue-gardanne.fr\/wp-content\/uploads\/2022\/01\/sad-2635043_1920-3-1024x634.jpg\" \/>\n<meta name=\"twitter:card\" content=\"summary_large_image\" \/>\n<meta name=\"twitter:label1\" content=\"Dur\u00e9e de lecture estim\u00e9e\" \/>\n\t<meta name=\"twitter:data1\" content=\"2 minutes\" \/>\n<script type=\"application\/ld+json\" class=\"yoast-schema-graph\">{\"@context\":\"https:\/\/schema.org\",\"@graph\":[{\"@type\":\"WebPage\",\"@id\":\"https:\/\/www.psychologue-gardanne.fr\/index.php\/consultation-psycho-gardanne\/\",\"url\":\"https:\/\/www.psychologue-gardanne.fr\/index.php\/consultation-psycho-gardanne\/\",\"name\":\"Consultations de psychologie - Psychologue Gardanne\",\"isPartOf\":{\"@id\":\"https:\/\/www.psychologue-gardanne.fr\/#website\"},\"datePublished\":\"2022-01-20T22:16:54+00:00\",\"dateModified\":\"2026-04-26T18:08:50+00:00\",\"breadcrumb\":{\"@id\":\"https:\/\/www.psychologue-gardanne.fr\/index.php\/consultation-psycho-gardanne\/#breadcrumb\"},\"inLanguage\":\"fr-FR\",\"potentialAction\":[{\"@type\":\"ReadAction\",\"target\":[\"https:\/\/www.psychologue-gardanne.fr\/index.php\/consultation-psycho-gardanne\/\"]}]},{\"@type\":\"BreadcrumbList\",\"@id\":\"https:\/\/www.psychologue-gardanne.fr\/index.php\/consultation-psycho-gardanne\/#breadcrumb\",\"itemListElement\":[{\"@type\":\"ListItem\",\"position\":1,\"name\":\"Accueil\",\"item\":\"https:\/\/www.psychologue-gardanne.fr\/\"},{\"@type\":\"ListItem\",\"position\":2,\"name\":\"Consultations de psychologie\"}]},{\"@type\":\"WebSite\",\"@id\":\"https:\/\/www.psychologue-gardanne.fr\/#website\",\"url\":\"https:\/\/www.psychologue-gardanne.fr\/\",\"name\":\"Psychologue Gardanne\",\"description\":\"Psychologue Enfant Adolescent Adulte\",\"publisher\":{\"@id\":\"https:\/\/www.psychologue-gardanne.fr\/#organization\"},\"potentialAction\":[{\"@type\":\"SearchAction\",\"target\":{\"@type\":\"EntryPoint\",\"urlTemplate\":\"https:\/\/www.psychologue-gardanne.fr\/?s={search_term_string}\"},\"query-input\":\"required name=search_term_string\"}],\"inLanguage\":\"fr-FR\"},{\"@type\":\"Organization\",\"@id\":\"https:\/\/www.psychologue-gardanne.fr\/#organization\",\"name\":\"Psychologue Gardanne\",\"url\":\"https:\/\/www.psychologue-gardanne.fr\/\",\"logo\":{\"@type\":\"ImageObject\",\"inLanguage\":\"fr-FR\",\"@id\":\"https:\/\/www.psychologue-gardanne.fr\/#\/schema\/logo\/image\/\",\"url\":\"https:\/\/www.psychologue-gardanne.fr\/wp-content\/uploads\/2022\/01\/DSCF5549-2-1-scaled-1.jpg\",\"contentUrl\":\"https:\/\/www.psychologue-gardanne.fr\/wp-content\/uploads\/2022\/01\/DSCF5549-2-1-scaled-1.jpg\",\"width\":2560,\"height\":1614,\"caption\":\"Psychologue Gardanne\"},\"image\":{\"@id\":\"https:\/\/www.psychologue-gardanne.fr\/#\/schema\/logo\/image\/\"}}]}<\/script>\n<!-- \/ Yoast SEO plugin. -->","yoast_head_json":{"title":"Consultations de psychologie - Psychologue Gardanne","robots":{"index":"index","follow":"follow","max-snippet":"max-snippet:-1","max-image-preview":"max-image-preview:large","max-video-preview":"max-video-preview:-1"},"canonical":"https:\/\/www.psychologue-gardanne.fr\/index.php\/consultation-psycho-gardanne\/","og_locale":"fr_FR","og_type":"article","og_title":"Consultations de psychologie - Psychologue Gardanne","og_description":"Palmire RIEHLPsychologue clinicienneSur RDV au 04 84 49 64 61 Prise en charge adultes, adolescents, enfants Adultes Que ce soit dans le cadre d&rsquo;un soutien ponctuel ou un suivi psychologique \u00e0 moyen terme, l&rsquo;accompagnement psychologique peut \u00eatre un moyen pour vous lib\u00e9rer de vos souffrances Adolescents Les probl\u00e9matiques adolescentes sont parfois difficiles \u00e0 g\u00e9rer dans [&hellip;]","og_url":"https:\/\/www.psychologue-gardanne.fr\/index.php\/consultation-psycho-gardanne\/","og_site_name":"Psychologue Gardanne","article_modified_time":"2026-04-26T18:08:50+00:00","og_image":[{"url":"https:\/\/www.psychologue-gardanne.fr\/wp-content\/uploads\/2022\/01\/sad-2635043_1920-3-1024x634.jpg"}],"twitter_card":"summary_large_image","twitter_misc":{"Dur\u00e9e de lecture estim\u00e9e":"2 minutes"},"schema":{"@context":"https:\/\/schema.org","@graph":[{"@type":"WebPage","@id":"https:\/\/www.psychologue-gardanne.fr\/index.php\/consultation-psycho-gardanne\/","url":"https:\/\/www.psychologue-gardanne.fr\/index.php\/consultation-psycho-gardanne\/","name":"Consultations de psychologie - Psychologue Gardanne","isPartOf":{"@id":"https:\/\/www.psychologue-gardanne.fr\/#website"},"datePublished":"2022-01-20T22:16:54+00:00","dateModified":"2026-04-26T18:08:50+00:00","breadcrumb":{"@id":"https:\/\/www.psychologue-gardanne.fr\/index.php\/consultation-psycho-gardanne\/#breadcrumb"},"inLanguage":"fr-FR","potentialAction":[{"@type":"ReadAction","target":["https:\/\/www.psychologue-gardanne.fr\/index.php\/consultation-psycho-gardanne\/"]}]},{"@type":"BreadcrumbList","@id":"https:\/\/www.psychologue-gardanne.fr\/index.php\/consultation-psycho-gardanne\/#breadcrumb","itemListElement":[{"@type":"ListItem","position":1,"name":"Accueil","item":"https:\/\/www.psychologue-gardanne.fr\/"},{"@type":"ListItem","position":2,"name":"Consultations de psychologie"}]},{"@type":"WebSite","@id":"https:\/\/www.psychologue-gardanne.fr\/#website","url":"https:\/\/www.psychologue-gardanne.fr\/","name":"Psychologue Gardanne","description":"Psychologue Enfant Adolescent Adulte","publisher":{"@id":"https:\/\/www.psychologue-gardanne.fr\/#organization"},"potentialAction":[{"@type":"SearchAction","target":{"@type":"EntryPoint","urlTemplate":"https:\/\/www.psychologue-gardanne.fr\/?s={search_term_string}"},"query-input":"required name=search_term_string"}],"inLanguage":"fr-FR"},{"@type":"Organization","@id":"https:\/\/www.psychologue-gardanne.fr\/#organization","name":"Psychologue Gardanne","url":"https:\/\/www.psychologue-gardanne.fr\/","logo":{"@type":"ImageObject","inLanguage":"fr-FR","@id":"https:\/\/www.psychologue-gardanne.fr\/#\/schema\/logo\/image\/","url":"https:\/\/www.psychologue-gardanne.fr\/wp-content\/uploads\/2022\/01\/DSCF5549-2-1-scaled-1.jpg","contentUrl":"https:\/\/www.psychologue-gardanne.fr\/wp-content\/uploads\/2022\/01\/DSCF5549-2-1-scaled-1.jpg","width":2560,"height":1614,"caption":"Psychologue Gardanne"},"image":{"@id":"https:\/\/www.psychologue-gardanne.fr\/#\/schema\/logo\/image\/"}}]}},"_links":{"self":[{"href":"https:\/\/www.psychologue-gardanne.fr\/index.php\/wp-json\/wp\/v2\/pages\/20","targetHints":{"allow":["GET"]}}],"collection":[{"href":"https:\/\/www.psychologue-gardanne.fr\/index.php\/wp-json\/wp\/v2\/pages"}],"about":[{"href":"https:\/\/www.psychologue-gardanne.fr\/index.php\/wp-json\/wp\/v2\/types\/page"}],"author":[{"embeddable":true,"href":"https:\/\/www.psychologue-gardanne.fr\/index.php\/wp-json\/wp\/v2\/users\/1"}],"replies":[{"embeddable":true,"href":"https:\/\/www.psychologue-gardanne.fr\/index.php\/wp-json\/wp\/v2\/comments?post=20"}],"version-history":[{"count":6,"href":"https:\/\/www.psychologue-gardanne.fr\/index.php\/wp-json\/wp\/v2\/pages\/20\/revisions"}],"predecessor-version":[{"id":490,"href":"https:\/\/www.psychologue-gardanne.fr\/index.php\/wp-json\/wp\/v2\/pages\/20\/revisions\/490"}],"wp:attachment":[{"href":"https:\/\/www.psychologue-gardanne.fr\/index.php\/wp-json\/wp\/v2\/media?parent=20"}],"curies":[{"name":"wp","href":"https:\/\/api.w.org\/{rel}","templated":true}]}}